{"id":10,"date":"2023-06-16T18:38:15","date_gmt":"2023-06-16T18:38:15","guid":{"rendered":"http:\/\/malina.bieszczady.pl\/?page_id=10"},"modified":"2023-06-16T19:28:28","modified_gmt":"2023-06-16T19:28:28","slug":"okolica","status":"publish","type":"page","link":"http:\/\/malina.bieszczady.pl\/index.php\/okolica\/","title":{"rendered":"Okolica"},"content":{"rendered":"\t\t<div data-elementor-type=\"wp-page\" data-elementor-id=\"10\" class=\"elementor elementor-10\">\n\t\t\t\t\t\t<section class=\"elementor-section elementor-top-section elementor-element elementor-element-4ef9f953 elementor-section-boxed elementor-section-height-default elementor-section-height-default\" data-id=\"4ef9f953\" data-element_type=\"section\">\n\t\t\t\t\t\t<div class=\"elementor-container elementor-column-gap-default\">\n\t\t\t\t\t<div class=\"aux-parallax-section elementor-column elementor-col-100 elementor-top-column elementor-element elementor-element-16edb036\" data-id=\"16edb036\" data-element_type=\"column\">\n\t\t\t<div class=\"elementor-widget-wrap elementor-element-populated\">\n\t\t\t\t\t\t<div class=\"elementor-element elementor-element-2eb3bd41 elementor-widget elementor-widget-text-editor\" data-id=\"2eb3bd41\" data-element_type=\"widget\" data-widget_type=\"text-editor.default\">\n\t\t\t\t<div class=\"elementor-widget-container\">\n\t\t\t\t\t\t\t\t\t<p>W okolicy s\u0105 mi\u0119dzy innymi:<\/p>\n<p>1600 m \u2013 jezioro soli\u0144skie i przystanie wodne ( G\u00f3ra Jawor )<\/p>\n<p>Zapora wodna w Solinie<\/p>\n<p>2,5 km \u2013 jezioro myczkowieckie z przystani\u0105 wodn\u0105 i kamienio\u0142omem (B\u00f3brka )<\/p>\n<p>5,0 km \u2013 zapora wodna w Myczkowcach<\/p>\n<p>10,0 km \u2013 Pola\u0144czyk Zdr\u00f3j<\/p>\n<p>14,0 km \u2013 basen kryty i muzeum przyrodnicze w Ustrzykach Dolnych<\/p>\t\t\t\t\t\t\t\t<\/div>\n\t\t\t\t<\/div>\n\t\t\t\t\t<\/div>\n\t\t<\/div>\n\t\t\t\t\t<\/div>\n\t\t<\/section>\n\t\t\t\t<section class=\"elementor-section elementor-top-section elementor-element elementor-element-fd80445 elementor-section-boxed elementor-section-height-default elementor-section-height-default\" data-id=\"fd80445\" data-element_type=\"section\">\n\t\t\t\t\t\t<div class=\"elementor-container elementor-column-gap-default\">\n\t\t\t\t\t<div class=\"aux-parallax-section elementor-column elementor-col-100 elementor-top-column elementor-element elementor-element-f977fa9\" data-id=\"f977fa9\" data-element_type=\"column\">\n\t\t\t<div class=\"elementor-widget-wrap elementor-element-populated\">\n\t\t\t\t\t\t<div class=\"elementor-element elementor-element-2dd33b3 elementor-widget elementor-widget-aux-gallery\" data-id=\"2dd33b3\" data-element_type=\"widget\" data-widget_type=\"aux-gallery.default\">\n\t\t\t\t<div class=\"elementor-widget-container\">\n\t\t\t\t\t<section class=\"widget-container aux-widget-gallery aux-parent-aud13c2856\"><div id='aux-gallery-1' class='aux-gallery galleryid-10 gallery-columns-4 aux-lightbox-gallery'><div class=\"aux-gallery-container aux-isotope-animated aux-row aux-de-col4 aux-tb-col2 aux-mb-col1 elementor-clickable aux-no-gutter aux-layout-masonry\"  data-pagination=\"false\" data-lazyload=\"false\" data-perpage=\"24\" data-layout=\"masonry\" data-space=\"10\" >    <figure class=\"gallery-item aux-hover-active aux-iso-item aux-col \">\n            <div class=\"aux-frame-mask-plain aux-frame-ratio \">\n                <a href=\"http:\/\/malina.bieszczady.pl\/wp-content\/uploads\/2023\/06\/1.-Jezioro-Solinskie-o-wschodzie.jpg\" class=\"aux-frame-ratio-inner aux-frame-darken aux-lightbox-btn \" data-elementor-open-lightbox=\"no\" data-original-width=\"1250\" data-original-height=\"833\" data-caption=\"1. Jezioro Solinskie o wschodzie\">\n                                <div class=\"aux-hover-scale-circle-plus2\">\n                        <span class=\"aux-symbol-plus\"><\/span>\n                        <span class=\"aux-symbol-circle\"><\/span>\n                    <\/div>\n                        <img fetchpriority=\"high\" decoding=\"async\" width=\"300\" height=\"300\" src=\"http:\/\/malina.bieszczady.pl\/wp-content\/uploads\/2023\/06\/1.-Jezioro-Solinskie-o-wschodzie-300x300.jpg\" class=\"aux-attachment aux-featured-image attachment-300x300 aux-attachment-id-162 \" alt=\"1. Jezioro Solinskie o wschodzie\" srcset=\"http:\/\/malina.bieszczady.pl\/wp-content\/uploads\/2023\/06\/1.-Jezioro-Solinskie-o-wschodzie-150x150.jpg 150w,http:\/\/malina.bieszczady.pl\/wp-content\/uploads\/2023\/06\/1.-Jezioro-Solinskie-o-wschodzie-300x300.jpg 300w,http:\/\/malina.bieszczady.pl\/wp-content\/uploads\/2023\/06\/1.-Jezioro-Solinskie-o-wschodzie-768x768.jpg 768w,http:\/\/malina.bieszczady.pl\/wp-content\/uploads\/2023\/06\/1.-Jezioro-Solinskie-o-wschodzie-1024x833.jpg 1024w,http:\/\/malina.bieszczady.pl\/wp-content\/uploads\/2023\/06\/1.-Jezioro-Solinskie-o-wschodzie-300x300.jpg 300w,http:\/\/malina.bieszczady.pl\/wp-content\/uploads\/2023\/06\/1.-Jezioro-Solinskie-o-wschodzie-1240x1240.jpg 1240w\" data-ratio=\"1\" data-original-w=\"1250\" sizes=\"(max-width:767px) 100vw,(min-width:768px) and (max-width:1025px) 50vw,380px\" \/>                <\/a>\n            <\/div>\n                <\/figure>\n    <figure class=\"gallery-item aux-hover-active aux-iso-item aux-col \">\n            <div class=\"aux-frame-mask-plain aux-frame-ratio \">\n                <a href=\"http:\/\/malina.bieszczady.pl\/wp-content\/uploads\/2023\/06\/2.-wschod-slonca-nad-stozkami.jpg\" class=\"aux-frame-ratio-inner aux-frame-darken aux-lightbox-btn \" data-elementor-open-lightbox=\"no\" data-original-width=\"1250\" data-original-height=\"837\" data-caption=\"2. wschod slonca nad stozkami\">\n                                <div class=\"aux-hover-scale-circle-plus2\">\n                        <span class=\"aux-symbol-plus\"><\/span>\n                        <span class=\"aux-symbol-circle\"><\/span>\n                    <\/div>\n                        <img decoding=\"async\" width=\"300\" height=\"300\" src=\"http:\/\/malina.bieszczady.pl\/wp-content\/uploads\/2023\/06\/2.-wschod-slonca-nad-stozkami-300x300.jpg\" class=\"aux-attachment aux-featured-image attachment-300x300 aux-attachment-id-163 \" alt=\"2. wschod slonca nad stozkami\" srcset=\"http:\/\/malina.bieszczady.pl\/wp-content\/uploads\/2023\/06\/2.-wschod-slonca-nad-stozkami-150x150.jpg 150w,http:\/\/malina.bieszczady.pl\/wp-content\/uploads\/2023\/06\/2.-wschod-slonca-nad-stozkami-300x300.jpg 300w,http:\/\/malina.bieszczady.pl\/wp-content\/uploads\/2023\/06\/2.-wschod-slonca-nad-stozkami-768x768.jpg 768w,http:\/\/malina.bieszczady.pl\/wp-content\/uploads\/2023\/06\/2.-wschod-slonca-nad-stozkami-1024x837.jpg 1024w,http:\/\/malina.bieszczady.pl\/wp-content\/uploads\/2023\/06\/2.-wschod-slonca-nad-stozkami-300x300.jpg 300w,http:\/\/malina.bieszczady.pl\/wp-content\/uploads\/2023\/06\/2.-wschod-slonca-nad-stozkami-1240x1240.jpg 1240w\" data-ratio=\"1\" data-original-w=\"1250\" sizes=\"(max-width:767px) 100vw,(min-width:768px) and (max-width:1025px) 50vw,380px\" \/>                <\/a>\n            <\/div>\n                <\/figure>\n    <figure class=\"gallery-item aux-hover-active aux-iso-item aux-col \">\n            <div class=\"aux-frame-mask-plain aux-frame-ratio \">\n                <a href=\"http:\/\/malina.bieszczady.pl\/wp-content\/uploads\/2023\/06\/3.-jesien-nad-solina.jpg\" class=\"aux-frame-ratio-inner aux-frame-darken aux-lightbox-btn \" data-elementor-open-lightbox=\"no\" data-original-width=\"1250\" data-original-height=\"837\" data-caption=\"3. jesien nad solina\">\n                                <div class=\"aux-hover-scale-circle-plus2\">\n                        <span class=\"aux-symbol-plus\"><\/span>\n                        <span class=\"aux-symbol-circle\"><\/span>\n                    <\/div>\n                        <img decoding=\"async\" width=\"300\" height=\"300\" src=\"http:\/\/malina.bieszczady.pl\/wp-content\/uploads\/2023\/06\/3.-jesien-nad-solina-300x300.jpg\" class=\"aux-attachment aux-featured-image attachment-300x300 aux-attachment-id-164 \" alt=\"3. jesien nad solina\" srcset=\"http:\/\/malina.bieszczady.pl\/wp-content\/uploads\/2023\/06\/3.-jesien-nad-solina-150x150.jpg 150w,http:\/\/malina.bieszczady.pl\/wp-content\/uploads\/2023\/06\/3.-jesien-nad-solina-300x300.jpg 300w,http:\/\/malina.bieszczady.pl\/wp-content\/uploads\/2023\/06\/3.-jesien-nad-solina-768x768.jpg 768w,http:\/\/malina.bieszczady.pl\/wp-content\/uploads\/2023\/06\/3.-jesien-nad-solina-1024x837.jpg 1024w,http:\/\/malina.bieszczady.pl\/wp-content\/uploads\/2023\/06\/3.-jesien-nad-solina-300x300.jpg 300w,http:\/\/malina.bieszczady.pl\/wp-content\/uploads\/2023\/06\/3.-jesien-nad-solina-1240x1240.jpg 1240w\" data-ratio=\"1\" data-original-w=\"1250\" sizes=\"(max-width:767px) 100vw,(min-width:768px) and (max-width:1025px) 50vw,380px\" \/>                <\/a>\n            <\/div>\n                <\/figure>\n    <figure class=\"gallery-item aux-hover-active aux-iso-item aux-col \">\n            <div class=\"aux-frame-mask-plain aux-frame-ratio \">\n                <a href=\"http:\/\/malina.bieszczady.pl\/wp-content\/uploads\/2023\/06\/4.-Jezioro-Solinskie.jpg\" class=\"aux-frame-ratio-inner aux-frame-darken aux-lightbox-btn \" data-elementor-open-lightbox=\"no\" data-original-width=\"1250\" data-original-height=\"898\" data-caption=\"4. Jezioro Solinskie\">\n                                <div class=\"aux-hover-scale-circle-plus2\">\n                        <span class=\"aux-symbol-plus\"><\/span>\n                        <span class=\"aux-symbol-circle\"><\/span>\n                    <\/div>\n                        <img loading=\"lazy\" decoding=\"async\" width=\"300\" height=\"300\" src=\"http:\/\/malina.bieszczady.pl\/wp-content\/uploads\/2023\/06\/4.-Jezioro-Solinskie-300x300.jpg\" class=\"aux-attachment aux-featured-image attachment-300x300 aux-attachment-id-165 \" alt=\"4. Jezioro Solinskie\" srcset=\"http:\/\/malina.bieszczady.pl\/wp-content\/uploads\/2023\/06\/4.-Jezioro-Solinskie-150x150.jpg 150w,http:\/\/malina.bieszczady.pl\/wp-content\/uploads\/2023\/06\/4.-Jezioro-Solinskie-300x300.jpg 300w,http:\/\/malina.bieszczady.pl\/wp-content\/uploads\/2023\/06\/4.-Jezioro-Solinskie-768x768.jpg 768w,http:\/\/malina.bieszczady.pl\/wp-content\/uploads\/2023\/06\/4.-Jezioro-Solinskie-1024x898.jpg 1024w,http:\/\/malina.bieszczady.pl\/wp-content\/uploads\/2023\/06\/4.-Jezioro-Solinskie-300x300.jpg 300w,http:\/\/malina.bieszczady.pl\/wp-content\/uploads\/2023\/06\/4.-Jezioro-Solinskie-1240x1240.jpg 1240w\" data-ratio=\"1\" data-original-w=\"1250\" sizes=\"(max-width:767px) 100vw,(min-width:768px) and (max-width:1025px) 50vw,380px\" \/>                <\/a>\n            <\/div>\n                <\/figure>\n    <figure class=\"gallery-item aux-hover-active aux-iso-item aux-col \">\n            <div class=\"aux-frame-mask-plain aux-frame-ratio \">\n                <a href=\"http:\/\/malina.bieszczady.pl\/wp-content\/uploads\/2023\/06\/5.-mala-wyspa-zima.jpg\" class=\"aux-frame-ratio-inner aux-frame-darken aux-lightbox-btn \" data-elementor-open-lightbox=\"no\" data-original-width=\"1250\" data-original-height=\"885\" data-caption=\"5. mala wyspa zima\">\n                                <div class=\"aux-hover-scale-circle-plus2\">\n                        <span class=\"aux-symbol-plus\"><\/span>\n                        <span class=\"aux-symbol-circle\"><\/span>\n                    <\/div>\n                        <img loading=\"lazy\" decoding=\"async\" width=\"300\" height=\"300\" src=\"http:\/\/malina.bieszczady.pl\/wp-content\/uploads\/2023\/06\/5.-mala-wyspa-zima-300x300.jpg\" class=\"aux-attachment aux-featured-image attachment-300x300 aux-attachment-id-166 \" alt=\"5. mala wyspa zima\" srcset=\"http:\/\/malina.bieszczady.pl\/wp-content\/uploads\/2023\/06\/5.-mala-wyspa-zima-150x150.jpg 150w,http:\/\/malina.bieszczady.pl\/wp-content\/uploads\/2023\/06\/5.-mala-wyspa-zima-300x300.jpg 300w,http:\/\/malina.bieszczady.pl\/wp-content\/uploads\/2023\/06\/5.-mala-wyspa-zima-768x768.jpg 768w,http:\/\/malina.bieszczady.pl\/wp-content\/uploads\/2023\/06\/5.-mala-wyspa-zima-1024x885.jpg 1024w,http:\/\/malina.bieszczady.pl\/wp-content\/uploads\/2023\/06\/5.-mala-wyspa-zima-300x300.jpg 300w,http:\/\/malina.bieszczady.pl\/wp-content\/uploads\/2023\/06\/5.-mala-wyspa-zima-1240x1240.jpg 1240w\" data-ratio=\"1\" data-original-w=\"1250\" sizes=\"(max-width:767px) 100vw,(min-width:768px) and (max-width:1025px) 50vw,380px\" \/>                <\/a>\n            <\/div>\n                <\/figure>\n    <figure class=\"gallery-item aux-hover-active aux-iso-item aux-col \">\n            <div class=\"aux-frame-mask-plain aux-frame-ratio \">\n                <a href=\"http:\/\/malina.bieszczady.pl\/wp-content\/uploads\/2023\/06\/6.-cerkiew-Bystre.jpg\" class=\"aux-frame-ratio-inner aux-frame-darken aux-lightbox-btn \" data-elementor-open-lightbox=\"no\" data-original-width=\"1250\" data-original-height=\"832\" data-caption=\"6. cerkiew Bystre\">\n                                <div class=\"aux-hover-scale-circle-plus2\">\n                        <span class=\"aux-symbol-plus\"><\/span>\n                        <span class=\"aux-symbol-circle\"><\/span>\n                    <\/div>\n                        <img loading=\"lazy\" decoding=\"async\" width=\"300\" height=\"300\" src=\"http:\/\/malina.bieszczady.pl\/wp-content\/uploads\/2023\/06\/6.-cerkiew-Bystre-300x300.jpg\" class=\"aux-attachment aux-featured-image attachment-300x300 aux-attachment-id-167 \" alt=\"6. cerkiew Bystre\" srcset=\"http:\/\/malina.bieszczady.pl\/wp-content\/uploads\/2023\/06\/6.-cerkiew-Bystre-150x150.jpg 150w,http:\/\/malina.bieszczady.pl\/wp-content\/uploads\/2023\/06\/6.-cerkiew-Bystre-300x300.jpg 300w,http:\/\/malina.bieszczady.pl\/wp-content\/uploads\/2023\/06\/6.-cerkiew-Bystre-768x768.jpg 768w,http:\/\/malina.bieszczady.pl\/wp-content\/uploads\/2023\/06\/6.-cerkiew-Bystre-1024x832.jpg 1024w,http:\/\/malina.bieszczady.pl\/wp-content\/uploads\/2023\/06\/6.-cerkiew-Bystre-300x300.jpg 300w,http:\/\/malina.bieszczady.pl\/wp-content\/uploads\/2023\/06\/6.-cerkiew-Bystre-1240x1240.jpg 1240w\" data-ratio=\"1\" data-original-w=\"1250\" sizes=\"(max-width:767px) 100vw,(min-width:768px) and (max-width:1025px) 50vw,380px\" \/>                <\/a>\n            <\/div>\n                <\/figure>\n    <figure class=\"gallery-item aux-hover-active aux-iso-item aux-col \">\n            <div class=\"aux-frame-mask-plain aux-frame-ratio \">\n                <a href=\"http:\/\/malina.bieszczady.pl\/wp-content\/uploads\/2023\/06\/7.-cerkiew-w-Baligrodzie_.jpg\" class=\"aux-frame-ratio-inner aux-frame-darken aux-lightbox-btn \" data-elementor-open-lightbox=\"no\" data-original-width=\"1250\" data-original-height=\"832\" data-caption=\"7. cerkiew w Baligrodzie_\">\n                                <div class=\"aux-hover-scale-circle-plus2\">\n                        <span class=\"aux-symbol-plus\"><\/span>\n                        <span class=\"aux-symbol-circle\"><\/span>\n                    <\/div>\n                        <img loading=\"lazy\" decoding=\"async\" width=\"300\" height=\"300\" src=\"http:\/\/malina.bieszczady.pl\/wp-content\/uploads\/2023\/06\/7.-cerkiew-w-Baligrodzie_-300x300.jpg\" class=\"aux-attachment aux-featured-image attachment-300x300 aux-attachment-id-168 \" alt=\"7. cerkiew w Baligrodzie_\" srcset=\"http:\/\/malina.bieszczady.pl\/wp-content\/uploads\/2023\/06\/7.-cerkiew-w-Baligrodzie_-150x150.jpg 150w,http:\/\/malina.bieszczady.pl\/wp-content\/uploads\/2023\/06\/7.-cerkiew-w-Baligrodzie_-300x300.jpg 300w,http:\/\/malina.bieszczady.pl\/wp-content\/uploads\/2023\/06\/7.-cerkiew-w-Baligrodzie_-768x768.jpg 768w,http:\/\/malina.bieszczady.pl\/wp-content\/uploads\/2023\/06\/7.-cerkiew-w-Baligrodzie_-1024x832.jpg 1024w,http:\/\/malina.bieszczady.pl\/wp-content\/uploads\/2023\/06\/7.-cerkiew-w-Baligrodzie_-300x300.jpg 300w,http:\/\/malina.bieszczady.pl\/wp-content\/uploads\/2023\/06\/7.-cerkiew-w-Baligrodzie_-1240x1240.jpg 1240w\" data-ratio=\"1\" data-original-w=\"1250\" sizes=\"(max-width:767px) 100vw,(min-width:768px) and (max-width:1025px) 50vw,380px\" \/>                <\/a>\n            <\/div>\n                <\/figure>\n    <figure class=\"gallery-item aux-hover-active aux-iso-item aux-col \">\n            <div class=\"aux-frame-mask-plain aux-frame-ratio \">\n                <a href=\"http:\/\/malina.bieszczady.pl\/wp-content\/uploads\/2023\/06\/8.-ruiny-cerkwi-w-Berezce.jpg\" class=\"aux-frame-ratio-inner aux-frame-darken aux-lightbox-btn \" data-elementor-open-lightbox=\"no\" data-original-width=\"1250\" data-original-height=\"885\" data-caption=\"8. ruiny cerkwi w Berezce\">\n                                <div class=\"aux-hover-scale-circle-plus2\">\n                        <span class=\"aux-symbol-plus\"><\/span>\n                        <span class=\"aux-symbol-circle\"><\/span>\n                    <\/div>\n                        <img loading=\"lazy\" decoding=\"async\" width=\"300\" height=\"300\" src=\"http:\/\/malina.bieszczady.pl\/wp-content\/uploads\/2023\/06\/8.-ruiny-cerkwi-w-Berezce-300x300.jpg\" class=\"aux-attachment aux-featured-image attachment-300x300 aux-attachment-id-169 \" alt=\"8. ruiny cerkwi w Berezce\" srcset=\"http:\/\/malina.bieszczady.pl\/wp-content\/uploads\/2023\/06\/8.-ruiny-cerkwi-w-Berezce-150x150.jpg 150w,http:\/\/malina.bieszczady.pl\/wp-content\/uploads\/2023\/06\/8.-ruiny-cerkwi-w-Berezce-300x300.jpg 300w,http:\/\/malina.bieszczady.pl\/wp-content\/uploads\/2023\/06\/8.-ruiny-cerkwi-w-Berezce-768x768.jpg 768w,http:\/\/malina.bieszczady.pl\/wp-content\/uploads\/2023\/06\/8.-ruiny-cerkwi-w-Berezce-1024x885.jpg 1024w,http:\/\/malina.bieszczady.pl\/wp-content\/uploads\/2023\/06\/8.-ruiny-cerkwi-w-Berezce-300x300.jpg 300w,http:\/\/malina.bieszczady.pl\/wp-content\/uploads\/2023\/06\/8.-ruiny-cerkwi-w-Berezce-1240x1240.jpg 1240w\" data-ratio=\"1\" data-original-w=\"1250\" sizes=\"(max-width:767px) 100vw,(min-width:768px) and (max-width:1025px) 50vw,380px\" \/>                <\/a>\n            <\/div>\n                <\/figure>\n    <figure class=\"gallery-item aux-hover-active aux-iso-item aux-col \">\n            <div class=\"aux-frame-mask-plain aux-frame-ratio \">\n                <a href=\"http:\/\/malina.bieszczady.pl\/wp-content\/uploads\/2023\/06\/9.-Lopienka_foto.jpg\" class=\"aux-frame-ratio-inner aux-frame-darken aux-lightbox-btn \" data-elementor-open-lightbox=\"no\" data-original-width=\"1250\" data-original-height=\"832\" data-caption=\"9. Lopienka_foto\">\n                                <div class=\"aux-hover-scale-circle-plus2\">\n                        <span class=\"aux-symbol-plus\"><\/span>\n                        <span class=\"aux-symbol-circle\"><\/span>\n                    <\/div>\n                        <img loading=\"lazy\" decoding=\"async\" width=\"300\" height=\"300\" src=\"http:\/\/malina.bieszczady.pl\/wp-content\/uploads\/2023\/06\/9.-Lopienka_foto-300x300.jpg\" class=\"aux-attachment aux-featured-image attachment-300x300 aux-attachment-id-170 \" alt=\"9. Lopienka_foto\" srcset=\"http:\/\/malina.bieszczady.pl\/wp-content\/uploads\/2023\/06\/9.-Lopienka_foto-150x150.jpg 150w,http:\/\/malina.bieszczady.pl\/wp-content\/uploads\/2023\/06\/9.-Lopienka_foto-300x300.jpg 300w,http:\/\/malina.bieszczady.pl\/wp-content\/uploads\/2023\/06\/9.-Lopienka_foto-768x768.jpg 768w,http:\/\/malina.bieszczady.pl\/wp-content\/uploads\/2023\/06\/9.-Lopienka_foto-1024x832.jpg 1024w,http:\/\/malina.bieszczady.pl\/wp-content\/uploads\/2023\/06\/9.-Lopienka_foto-300x300.jpg 300w,http:\/\/malina.bieszczady.pl\/wp-content\/uploads\/2023\/06\/9.-Lopienka_foto-1240x1240.jpg 1240w\" data-ratio=\"1\" data-original-w=\"1250\" sizes=\"(max-width:767px) 100vw,(min-width:768px) and (max-width:1025px) 50vw,380px\" \/>                <\/a>\n            <\/div>\n                <\/figure>\n    <figure class=\"gallery-item aux-hover-active aux-iso-item aux-col \">\n            <div class=\"aux-frame-mask-plain aux-frame-ratio \">\n                <a href=\"http:\/\/malina.bieszczady.pl\/wp-content\/uploads\/2023\/06\/10.-zabytkowy-kosciol-w-Sredniej-Wsi.jpg\" class=\"aux-frame-ratio-inner aux-frame-darken aux-lightbox-btn \" data-elementor-open-lightbox=\"no\" data-original-width=\"1250\" data-original-height=\"837\" data-caption=\"10. zabytkowy kosciol w Sredniej Wsi\">\n                                <div class=\"aux-hover-scale-circle-plus2\">\n                        <span class=\"aux-symbol-plus\"><\/span>\n                        <span class=\"aux-symbol-circle\"><\/span>\n                    <\/div>\n                        <img loading=\"lazy\" decoding=\"async\" width=\"300\" height=\"300\" src=\"http:\/\/malina.bieszczady.pl\/wp-content\/uploads\/2023\/06\/10.-zabytkowy-kosciol-w-Sredniej-Wsi-300x300.jpg\" class=\"aux-attachment aux-featured-image attachment-300x300 aux-attachment-id-171 \" alt=\"10. zabytkowy kosciol w Sredniej Wsi\" srcset=\"http:\/\/malina.bieszczady.pl\/wp-content\/uploads\/2023\/06\/10.-zabytkowy-kosciol-w-Sredniej-Wsi-150x150.jpg 150w,http:\/\/malina.bieszczady.pl\/wp-content\/uploads\/2023\/06\/10.-zabytkowy-kosciol-w-Sredniej-Wsi-300x300.jpg 300w,http:\/\/malina.bieszczady.pl\/wp-content\/uploads\/2023\/06\/10.-zabytkowy-kosciol-w-Sredniej-Wsi-768x768.jpg 768w,http:\/\/malina.bieszczady.pl\/wp-content\/uploads\/2023\/06\/10.-zabytkowy-kosciol-w-Sredniej-Wsi-1024x837.jpg 1024w,http:\/\/malina.bieszczady.pl\/wp-content\/uploads\/2023\/06\/10.-zabytkowy-kosciol-w-Sredniej-Wsi-300x300.jpg 300w,http:\/\/malina.bieszczady.pl\/wp-content\/uploads\/2023\/06\/10.-zabytkowy-kosciol-w-Sredniej-Wsi-1240x1240.jpg 1240w\" data-ratio=\"1\" data-original-w=\"1250\" sizes=\"(max-width:767px) 100vw,(min-width:768px) and (max-width:1025px) 50vw,380px\" \/>                <\/a>\n            <\/div>\n                <\/figure>\n    <figure class=\"gallery-item aux-hover-active aux-iso-item aux-col \">\n            <div class=\"aux-frame-mask-plain aux-frame-ratio \">\n                <a href=\"http:\/\/malina.bieszczady.pl\/wp-content\/uploads\/2023\/06\/11.Hoszow.jpg\" class=\"aux-frame-ratio-inner aux-frame-darken aux-lightbox-btn \" data-elementor-open-lightbox=\"no\" data-original-width=\"1250\" data-original-height=\"832\" data-caption=\"11.Hoszow\">\n                                <div class=\"aux-hover-scale-circle-plus2\">\n                        <span class=\"aux-symbol-plus\"><\/span>\n                        <span class=\"aux-symbol-circle\"><\/span>\n                    <\/div>\n                        <img loading=\"lazy\" decoding=\"async\" width=\"300\" height=\"300\" src=\"http:\/\/malina.bieszczady.pl\/wp-content\/uploads\/2023\/06\/11.Hoszow-300x300.jpg\" class=\"aux-attachment aux-featured-image attachment-300x300 aux-attachment-id-172 \" alt=\"11.Hoszow\" srcset=\"http:\/\/malina.bieszczady.pl\/wp-content\/uploads\/2023\/06\/11.Hoszow-150x150.jpg 150w,http:\/\/malina.bieszczady.pl\/wp-content\/uploads\/2023\/06\/11.Hoszow-300x300.jpg 300w,http:\/\/malina.bieszczady.pl\/wp-content\/uploads\/2023\/06\/11.Hoszow-768x768.jpg 768w,http:\/\/malina.bieszczady.pl\/wp-content\/uploads\/2023\/06\/11.Hoszow-1024x832.jpg 1024w,http:\/\/malina.bieszczady.pl\/wp-content\/uploads\/2023\/06\/11.Hoszow-300x300.jpg 300w,http:\/\/malina.bieszczady.pl\/wp-content\/uploads\/2023\/06\/11.Hoszow-1240x1240.jpg 1240w\" data-ratio=\"1\" data-original-w=\"1250\" sizes=\"(max-width:767px) 100vw,(min-width:768px) and (max-width:1025px) 50vw,380px\" \/>                <\/a>\n            <\/div>\n                <\/figure>\n    <figure class=\"gallery-item aux-hover-active aux-iso-item aux-col \">\n            <div class=\"aux-frame-mask-plain aux-frame-ratio \">\n                <a href=\"http:\/\/malina.bieszczady.pl\/wp-content\/uploads\/2023\/06\/12.-cerkiew-w-Orelcu.jpg\" class=\"aux-frame-ratio-inner aux-frame-darken aux-lightbox-btn \" data-elementor-open-lightbox=\"no\" data-original-width=\"1250\" data-original-height=\"832\" data-caption=\"12. cerkiew w Orelcu\">\n                                <div class=\"aux-hover-scale-circle-plus2\">\n                        <span class=\"aux-symbol-plus\"><\/span>\n                        <span class=\"aux-symbol-circle\"><\/span>\n                    <\/div>\n                        <img loading=\"lazy\" decoding=\"async\" width=\"300\" height=\"300\" src=\"http:\/\/malina.bieszczady.pl\/wp-content\/uploads\/2023\/06\/12.-cerkiew-w-Orelcu-300x300.jpg\" class=\"aux-attachment aux-featured-image attachment-300x300 aux-attachment-id-173 \" alt=\"12. cerkiew w Orelcu\" srcset=\"http:\/\/malina.bieszczady.pl\/wp-content\/uploads\/2023\/06\/12.-cerkiew-w-Orelcu-150x150.jpg 150w,http:\/\/malina.bieszczady.pl\/wp-content\/uploads\/2023\/06\/12.-cerkiew-w-Orelcu-300x300.jpg 300w,http:\/\/malina.bieszczady.pl\/wp-content\/uploads\/2023\/06\/12.-cerkiew-w-Orelcu-768x768.jpg 768w,http:\/\/malina.bieszczady.pl\/wp-content\/uploads\/2023\/06\/12.-cerkiew-w-Orelcu-1024x832.jpg 1024w,http:\/\/malina.bieszczady.pl\/wp-content\/uploads\/2023\/06\/12.-cerkiew-w-Orelcu-300x300.jpg 300w,http:\/\/malina.bieszczady.pl\/wp-content\/uploads\/2023\/06\/12.-cerkiew-w-Orelcu-1240x1240.jpg 1240w\" data-ratio=\"1\" data-original-w=\"1250\" sizes=\"(max-width:767px) 100vw,(min-width:768px) and (max-width:1025px) 50vw,380px\" \/>                <\/a>\n            <\/div>\n                <\/figure>\n    <figure class=\"gallery-item aux-hover-active aux-iso-item aux-col \">\n            <div class=\"aux-frame-mask-plain aux-frame-ratio \">\n                <a href=\"http:\/\/malina.bieszczady.pl\/wp-content\/uploads\/2023\/06\/13.-dzwonnica-cerkiewna-w-Sredniej-Wsi.jpg\" class=\"aux-frame-ratio-inner aux-frame-darken aux-lightbox-btn \" data-elementor-open-lightbox=\"no\" data-original-width=\"1250\" data-original-height=\"832\" data-caption=\"13. dzwonnica cerkiewna w Sredniej Wsi\">\n                                <div class=\"aux-hover-scale-circle-plus2\">\n                        <span class=\"aux-symbol-plus\"><\/span>\n                        <span class=\"aux-symbol-circle\"><\/span>\n                    <\/div>\n                        <img loading=\"lazy\" decoding=\"async\" width=\"300\" height=\"300\" src=\"http:\/\/malina.bieszczady.pl\/wp-content\/uploads\/2023\/06\/13.-dzwonnica-cerkiewna-w-Sredniej-Wsi-300x300.jpg\" class=\"aux-attachment aux-featured-image attachment-300x300 aux-attachment-id-174 \" alt=\"13. dzwonnica cerkiewna w Sredniej Wsi\" srcset=\"http:\/\/malina.bieszczady.pl\/wp-content\/uploads\/2023\/06\/13.-dzwonnica-cerkiewna-w-Sredniej-Wsi-150x150.jpg 150w,http:\/\/malina.bieszczady.pl\/wp-content\/uploads\/2023\/06\/13.-dzwonnica-cerkiewna-w-Sredniej-Wsi-300x300.jpg 300w,http:\/\/malina.bieszczady.pl\/wp-content\/uploads\/2023\/06\/13.-dzwonnica-cerkiewna-w-Sredniej-Wsi-768x768.jpg 768w,http:\/\/malina.bieszczady.pl\/wp-content\/uploads\/2023\/06\/13.-dzwonnica-cerkiewna-w-Sredniej-Wsi-1024x832.jpg 1024w,http:\/\/malina.bieszczady.pl\/wp-content\/uploads\/2023\/06\/13.-dzwonnica-cerkiewna-w-Sredniej-Wsi-300x300.jpg 300w,http:\/\/malina.bieszczady.pl\/wp-content\/uploads\/2023\/06\/13.-dzwonnica-cerkiewna-w-Sredniej-Wsi-1240x1240.jpg 1240w\" data-ratio=\"1\" data-original-w=\"1250\" sizes=\"(max-width:767px) 100vw,(min-width:768px) and (max-width:1025px) 50vw,380px\" \/>                <\/a>\n            <\/div>\n                <\/figure>\n    <figure class=\"gallery-item aux-hover-active aux-iso-item aux-col \">\n            <div class=\"aux-frame-mask-plain aux-frame-ratio \">\n                <a href=\"http:\/\/malina.bieszczady.pl\/wp-content\/uploads\/2023\/06\/14.-Sanktuarium-w-Polanczyku.jpg\" class=\"aux-frame-ratio-inner aux-frame-darken aux-lightbox-btn \" data-elementor-open-lightbox=\"no\" data-original-width=\"1250\" data-original-height=\"837\" data-caption=\"14. Sanktuarium w Polanczyku\">\n                                <div class=\"aux-hover-scale-circle-plus2\">\n                        <span class=\"aux-symbol-plus\"><\/span>\n                        <span class=\"aux-symbol-circle\"><\/span>\n                    <\/div>\n                        <img loading=\"lazy\" decoding=\"async\" width=\"300\" height=\"300\" src=\"http:\/\/malina.bieszczady.pl\/wp-content\/uploads\/2023\/06\/14.-Sanktuarium-w-Polanczyku-300x300.jpg\" class=\"aux-attachment aux-featured-image attachment-300x300 aux-attachment-id-175 \" alt=\"14. Sanktuarium w Polanczyku\" srcset=\"http:\/\/malina.bieszczady.pl\/wp-content\/uploads\/2023\/06\/14.-Sanktuarium-w-Polanczyku-150x150.jpg 150w,http:\/\/malina.bieszczady.pl\/wp-content\/uploads\/2023\/06\/14.-Sanktuarium-w-Polanczyku-300x300.jpg 300w,http:\/\/malina.bieszczady.pl\/wp-content\/uploads\/2023\/06\/14.-Sanktuarium-w-Polanczyku-768x768.jpg 768w,http:\/\/malina.bieszczady.pl\/wp-content\/uploads\/2023\/06\/14.-Sanktuarium-w-Polanczyku-1024x837.jpg 1024w,http:\/\/malina.bieszczady.pl\/wp-content\/uploads\/2023\/06\/14.-Sanktuarium-w-Polanczyku-300x300.jpg 300w,http:\/\/malina.bieszczady.pl\/wp-content\/uploads\/2023\/06\/14.-Sanktuarium-w-Polanczyku-1240x1240.jpg 1240w\" data-ratio=\"1\" data-original-w=\"1250\" sizes=\"(max-width:767px) 100vw,(min-width:768px) and (max-width:1025px) 50vw,380px\" \/>                <\/a>\n            <\/div>\n                <\/figure>\n    <figure class=\"gallery-item aux-hover-active aux-iso-item aux-col \">\n            <div class=\"aux-frame-mask-plain aux-frame-ratio \">\n                <a href=\"http:\/\/malina.bieszczady.pl\/wp-content\/uploads\/2023\/06\/15.-zabytkowa-Swiatynia-w-Gorzance.jpg\" class=\"aux-frame-ratio-inner aux-frame-darken aux-lightbox-btn \" data-elementor-open-lightbox=\"no\" data-original-width=\"1250\" data-original-height=\"836\" data-caption=\"15. zabytkowa Swiatynia w Gorzance\">\n                                <div class=\"aux-hover-scale-circle-plus2\">\n                        <span class=\"aux-symbol-plus\"><\/span>\n                        <span class=\"aux-symbol-circle\"><\/span>\n                    <\/div>\n                        <img loading=\"lazy\" decoding=\"async\" width=\"300\" height=\"300\" src=\"http:\/\/malina.bieszczady.pl\/wp-content\/uploads\/2023\/06\/15.-zabytkowa-Swiatynia-w-Gorzance-300x300.jpg\" class=\"aux-attachment aux-featured-image attachment-300x300 aux-attachment-id-176 \" alt=\"15. zabytkowa Swiatynia w Gorzance\" srcset=\"http:\/\/malina.bieszczady.pl\/wp-content\/uploads\/2023\/06\/15.-zabytkowa-Swiatynia-w-Gorzance-150x150.jpg 150w,http:\/\/malina.bieszczady.pl\/wp-content\/uploads\/2023\/06\/15.-zabytkowa-Swiatynia-w-Gorzance-300x300.jpg 300w,http:\/\/malina.bieszczady.pl\/wp-content\/uploads\/2023\/06\/15.-zabytkowa-Swiatynia-w-Gorzance-768x768.jpg 768w,http:\/\/malina.bieszczady.pl\/wp-content\/uploads\/2023\/06\/15.-zabytkowa-Swiatynia-w-Gorzance-1024x836.jpg 1024w,http:\/\/malina.bieszczady.pl\/wp-content\/uploads\/2023\/06\/15.-zabytkowa-Swiatynia-w-Gorzance-300x300.jpg 300w,http:\/\/malina.bieszczady.pl\/wp-content\/uploads\/2023\/06\/15.-zabytkowa-Swiatynia-w-Gorzance-1240x1240.jpg 1240w\" data-ratio=\"1\" data-original-w=\"1250\" sizes=\"(max-width:767px) 100vw,(min-width:768px) and (max-width:1025px) 50vw,380px\" \/>                <\/a>\n            <\/div>\n                <\/figure>\n    <figure class=\"gallery-item aux-hover-active aux-iso-item aux-col \">\n            <div class=\"aux-frame-mask-plain aux-frame-ratio \">\n                <a href=\"http:\/\/malina.bieszczady.pl\/wp-content\/uploads\/2023\/06\/16.-babie-lato.jpg\" class=\"aux-frame-ratio-inner aux-frame-darken aux-lightbox-btn \" data-elementor-open-lightbox=\"no\" data-original-width=\"1250\" data-original-height=\"837\" data-caption=\"16. babie lato\">\n                                <div class=\"aux-hover-scale-circle-plus2\">\n                        <span class=\"aux-symbol-plus\"><\/span>\n                        <span class=\"aux-symbol-circle\"><\/span>\n                    <\/div>\n                        <img loading=\"lazy\" decoding=\"async\" width=\"300\" height=\"300\" src=\"http:\/\/malina.bieszczady.pl\/wp-content\/uploads\/2023\/06\/16.-babie-lato-300x300.jpg\" class=\"aux-attachment aux-featured-image attachment-300x300 aux-attachment-id-177 \" alt=\"16. babie lato\" srcset=\"http:\/\/malina.bieszczady.pl\/wp-content\/uploads\/2023\/06\/16.-babie-lato-150x150.jpg 150w,http:\/\/malina.bieszczady.pl\/wp-content\/uploads\/2023\/06\/16.-babie-lato-300x300.jpg 300w,http:\/\/malina.bieszczady.pl\/wp-content\/uploads\/2023\/06\/16.-babie-lato-768x768.jpg 768w,http:\/\/malina.bieszczady.pl\/wp-content\/uploads\/2023\/06\/16.-babie-lato-1024x837.jpg 1024w,http:\/\/malina.bieszczady.pl\/wp-content\/uploads\/2023\/06\/16.-babie-lato-300x300.jpg 300w,http:\/\/malina.bieszczady.pl\/wp-content\/uploads\/2023\/06\/16.-babie-lato-1240x1240.jpg 1240w\" data-ratio=\"1\" data-original-w=\"1250\" sizes=\"(max-width:767px) 100vw,(min-width:768px) and (max-width:1025px) 50vw,380px\" \/>                <\/a>\n            <\/div>\n                <\/figure>\n    <figure class=\"gallery-item aux-hover-active aux-iso-item aux-col \">\n            <div class=\"aux-frame-mask-plain aux-frame-ratio \">\n                <a href=\"http:\/\/malina.bieszczady.pl\/wp-content\/uploads\/2023\/06\/17.-bieszczadzki-poranek.jpg\" class=\"aux-frame-ratio-inner aux-frame-darken aux-lightbox-btn \" data-elementor-open-lightbox=\"no\" data-original-width=\"1250\" data-original-height=\"898\" data-caption=\"17. bieszczadzki poranek\">\n                                <div class=\"aux-hover-scale-circle-plus2\">\n                        <span class=\"aux-symbol-plus\"><\/span>\n                        <span class=\"aux-symbol-circle\"><\/span>\n                    <\/div>\n                        <img loading=\"lazy\" decoding=\"async\" width=\"300\" height=\"300\" src=\"http:\/\/malina.bieszczady.pl\/wp-content\/uploads\/2023\/06\/17.-bieszczadzki-poranek-300x300.jpg\" class=\"aux-attachment aux-featured-image attachment-300x300 aux-attachment-id-178 \" alt=\"17. bieszczadzki poranek\" srcset=\"http:\/\/malina.bieszczady.pl\/wp-content\/uploads\/2023\/06\/17.-bieszczadzki-poranek-150x150.jpg 150w,http:\/\/malina.bieszczady.pl\/wp-content\/uploads\/2023\/06\/17.-bieszczadzki-poranek-300x300.jpg 300w,http:\/\/malina.bieszczady.pl\/wp-content\/uploads\/2023\/06\/17.-bieszczadzki-poranek-768x768.jpg 768w,http:\/\/malina.bieszczady.pl\/wp-content\/uploads\/2023\/06\/17.-bieszczadzki-poranek-1024x898.jpg 1024w,http:\/\/malina.bieszczady.pl\/wp-content\/uploads\/2023\/06\/17.-bieszczadzki-poranek-300x300.jpg 300w,http:\/\/malina.bieszczady.pl\/wp-content\/uploads\/2023\/06\/17.-bieszczadzki-poranek-1240x1240.jpg 1240w\" data-ratio=\"1\" data-original-w=\"1250\" sizes=\"(max-width:767px) 100vw,(min-width:768px) and (max-width:1025px) 50vw,380px\" \/>                <\/a>\n            <\/div>\n                <\/figure>\n    <figure class=\"gallery-item aux-hover-active aux-iso-item aux-col \">\n            <div class=\"aux-frame-mask-plain aux-frame-ratio \">\n                <a href=\"http:\/\/malina.bieszczady.pl\/wp-content\/uploads\/2023\/06\/19.-Lutowiska-panorama.jpg\" class=\"aux-frame-ratio-inner aux-frame-darken aux-lightbox-btn \" data-elementor-open-lightbox=\"no\" data-original-width=\"1250\" data-original-height=\"446\" data-caption=\"19. Lutowiska panorama\">\n                                <div class=\"aux-hover-scale-circle-plus2\">\n                        <span class=\"aux-symbol-plus\"><\/span>\n                        <span class=\"aux-symbol-circle\"><\/span>\n                    <\/div>\n                        <img loading=\"lazy\" decoding=\"async\" width=\"300\" height=\"300\" src=\"http:\/\/malina.bieszczady.pl\/wp-content\/uploads\/2023\/06\/19.-Lutowiska-panorama-300x300.jpg\" class=\"aux-attachment aux-featured-image attachment-300x300 aux-attachment-id-179 \" alt=\"19. Lutowiska panorama\" srcset=\"http:\/\/malina.bieszczady.pl\/wp-content\/uploads\/2023\/06\/19.-Lutowiska-panorama-150x150.jpg 150w,http:\/\/malina.bieszczady.pl\/wp-content\/uploads\/2023\/06\/19.-Lutowiska-panorama-300x300.jpg 300w,http:\/\/malina.bieszczady.pl\/wp-content\/uploads\/2023\/06\/19.-Lutowiska-panorama-768x446.jpg 768w,http:\/\/malina.bieszczady.pl\/wp-content\/uploads\/2023\/06\/19.-Lutowiska-panorama-1024x446.jpg 1024w,http:\/\/malina.bieszczady.pl\/wp-content\/uploads\/2023\/06\/19.-Lutowiska-panorama-300x300.jpg 300w,http:\/\/malina.bieszczady.pl\/wp-content\/uploads\/2023\/06\/19.-Lutowiska-panorama-1240x1240.jpg 1240w\" data-ratio=\"1\" data-original-w=\"1250\" sizes=\"(max-width:767px) 100vw,(min-width:768px) and (max-width:1025px) 50vw,380px\" \/>                <\/a>\n            <\/div>\n                <\/figure>\n    <figure class=\"gallery-item aux-hover-active aux-iso-item aux-col \">\n            <div class=\"aux-frame-mask-plain aux-frame-ratio \">\n                <a href=\"http:\/\/malina.bieszczady.pl\/wp-content\/uploads\/2023\/06\/20.-jeziorko-bobrowe.jpg\" class=\"aux-frame-ratio-inner aux-frame-darken aux-lightbox-btn \" data-elementor-open-lightbox=\"no\" data-original-width=\"1250\" data-original-height=\"832\" data-caption=\"20. jeziorko bobrowe\">\n                                <div class=\"aux-hover-scale-circle-plus2\">\n                        <span class=\"aux-symbol-plus\"><\/span>\n                        <span class=\"aux-symbol-circle\"><\/span>\n                    <\/div>\n                        <img loading=\"lazy\" decoding=\"async\" width=\"300\" height=\"300\" src=\"http:\/\/malina.bieszczady.pl\/wp-content\/uploads\/2023\/06\/20.-jeziorko-bobrowe-300x300.jpg\" class=\"aux-attachment aux-featured-image attachment-300x300 aux-attachment-id-180 \" alt=\"20. jeziorko bobrowe\" srcset=\"http:\/\/malina.bieszczady.pl\/wp-content\/uploads\/2023\/06\/20.-jeziorko-bobrowe-150x150.jpg 150w,http:\/\/malina.bieszczady.pl\/wp-content\/uploads\/2023\/06\/20.-jeziorko-bobrowe-300x300.jpg 300w,http:\/\/malina.bieszczady.pl\/wp-content\/uploads\/2023\/06\/20.-jeziorko-bobrowe-768x768.jpg 768w,http:\/\/malina.bieszczady.pl\/wp-content\/uploads\/2023\/06\/20.-jeziorko-bobrowe-1024x832.jpg 1024w,http:\/\/malina.bieszczady.pl\/wp-content\/uploads\/2023\/06\/20.-jeziorko-bobrowe-300x300.jpg 300w,http:\/\/malina.bieszczady.pl\/wp-content\/uploads\/2023\/06\/20.-jeziorko-bobrowe-1240x1240.jpg 1240w\" data-ratio=\"1\" data-original-w=\"1250\" sizes=\"(max-width:767px) 100vw,(min-width:768px) and (max-width:1025px) 50vw,380px\" \/>                <\/a>\n            <\/div>\n                <\/figure>\n    <figure class=\"gallery-item aux-hover-active aux-iso-item aux-col \">\n            <div class=\"aux-frame-mask-plain aux-frame-ratio \">\n                <a href=\"http:\/\/malina.bieszczady.pl\/wp-content\/uploads\/2023\/06\/21.-Chrystus-Bieszczadzki-Lopienka.jpg\" class=\"aux-frame-ratio-inner aux-frame-darken aux-lightbox-btn \" data-elementor-open-lightbox=\"no\" data-original-width=\"1250\" data-original-height=\"832\" data-caption=\"21. Chrystus Bieszczadzki Lopienka\">\n                                <div class=\"aux-hover-scale-circle-plus2\">\n                        <span class=\"aux-symbol-plus\"><\/span>\n                        <span class=\"aux-symbol-circle\"><\/span>\n                    <\/div>\n                        <img loading=\"lazy\" decoding=\"async\" width=\"300\" height=\"300\" src=\"http:\/\/malina.bieszczady.pl\/wp-content\/uploads\/2023\/06\/21.-Chrystus-Bieszczadzki-Lopienka-300x300.jpg\" class=\"aux-attachment aux-featured-image attachment-300x300 aux-attachment-id-181 \" alt=\"21. Chrystus Bieszczadzki Lopienka\" srcset=\"http:\/\/malina.bieszczady.pl\/wp-content\/uploads\/2023\/06\/21.-Chrystus-Bieszczadzki-Lopienka-150x150.jpg 150w,http:\/\/malina.bieszczady.pl\/wp-content\/uploads\/2023\/06\/21.-Chrystus-Bieszczadzki-Lopienka-300x300.jpg 300w,http:\/\/malina.bieszczady.pl\/wp-content\/uploads\/2023\/06\/21.-Chrystus-Bieszczadzki-Lopienka-768x768.jpg 768w,http:\/\/malina.bieszczady.pl\/wp-content\/uploads\/2023\/06\/21.-Chrystus-Bieszczadzki-Lopienka-1024x832.jpg 1024w,http:\/\/malina.bieszczady.pl\/wp-content\/uploads\/2023\/06\/21.-Chrystus-Bieszczadzki-Lopienka-300x300.jpg 300w,http:\/\/malina.bieszczady.pl\/wp-content\/uploads\/2023\/06\/21.-Chrystus-Bieszczadzki-Lopienka-1240x1240.jpg 1240w\" data-ratio=\"1\" data-original-w=\"1250\" sizes=\"(max-width:767px) 100vw,(min-width:768px) and (max-width:1025px) 50vw,380px\" \/>                <\/a>\n            <\/div>\n                <\/figure>\n    <figure class=\"gallery-item aux-hover-active aux-iso-item aux-col \">\n            <div class=\"aux-frame-mask-plain aux-frame-ratio \">\n                <a href=\"http:\/\/malina.bieszczady.pl\/wp-content\/uploads\/2023\/06\/22.-polonina-wetlinska.jpg\" class=\"aux-frame-ratio-inner aux-frame-darken aux-lightbox-btn \" data-elementor-open-lightbox=\"no\" data-original-width=\"843\" data-original-height=\"1250\" data-caption=\"22. polonina wetlinska\">\n                                <div class=\"aux-hover-scale-circle-plus2\">\n                        <span class=\"aux-symbol-plus\"><\/span>\n                        <span class=\"aux-symbol-circle\"><\/span>\n                    <\/div>\n                        <img loading=\"lazy\" decoding=\"async\" width=\"300\" height=\"300\" src=\"http:\/\/malina.bieszczady.pl\/wp-content\/uploads\/2023\/06\/22.-polonina-wetlinska-300x300.jpg\" class=\"aux-attachment aux-featured-image attachment-300x300 aux-attachment-id-182 \" alt=\"22. polonina wetlinska\" srcset=\"http:\/\/malina.bieszczady.pl\/wp-content\/uploads\/2023\/06\/22.-polonina-wetlinska-150x150.jpg 150w,http:\/\/malina.bieszczady.pl\/wp-content\/uploads\/2023\/06\/22.-polonina-wetlinska-300x300.jpg 300w,http:\/\/malina.bieszczady.pl\/wp-content\/uploads\/2023\/06\/22.-polonina-wetlinska-768x768.jpg 768w,http:\/\/malina.bieszczady.pl\/wp-content\/uploads\/2023\/06\/22.-polonina-wetlinska-300x300.jpg 300w,http:\/\/malina.bieszczady.pl\/wp-content\/uploads\/2023\/06\/22.-polonina-wetlinska-833x833.jpg 833w\" data-ratio=\"1\" data-original-w=\"843\" sizes=\"(max-width:767px) 100vw,(min-width:768px) and (max-width:1025px) 50vw,380px\" \/>                <\/a>\n            <\/div>\n                <\/figure>\n    <figure class=\"gallery-item aux-hover-active aux-iso-item aux-col \">\n            <div class=\"aux-frame-mask-plain aux-frame-ratio \">\n                <a href=\"http:\/\/malina.bieszczady.pl\/wp-content\/uploads\/2023\/06\/23.-park-dworski-w-Sredniej-Wsi.jpg\" class=\"aux-frame-ratio-inner aux-frame-darken aux-lightbox-btn \" data-elementor-open-lightbox=\"no\" data-original-width=\"1250\" data-original-height=\"832\" data-caption=\"23. park dworski w Sredniej Wsi\">\n                                <div class=\"aux-hover-scale-circle-plus2\">\n                        <span class=\"aux-symbol-plus\"><\/span>\n                        <span class=\"aux-symbol-circle\"><\/span>\n                    <\/div>\n                        <img loading=\"lazy\" decoding=\"async\" width=\"300\" height=\"300\" src=\"http:\/\/malina.bieszczady.pl\/wp-content\/uploads\/2023\/06\/23.-park-dworski-w-Sredniej-Wsi-300x300.jpg\" class=\"aux-attachment aux-featured-image attachment-300x300 aux-attachment-id-183 \" alt=\"23. park dworski w Sredniej Wsi\" srcset=\"http:\/\/malina.bieszczady.pl\/wp-content\/uploads\/2023\/06\/23.-park-dworski-w-Sredniej-Wsi-150x150.jpg 150w,http:\/\/malina.bieszczady.pl\/wp-content\/uploads\/2023\/06\/23.-park-dworski-w-Sredniej-Wsi-300x300.jpg 300w,http:\/\/malina.bieszczady.pl\/wp-content\/uploads\/2023\/06\/23.-park-dworski-w-Sredniej-Wsi-768x768.jpg 768w,http:\/\/malina.bieszczady.pl\/wp-content\/uploads\/2023\/06\/23.-park-dworski-w-Sredniej-Wsi-1024x832.jpg 1024w,http:\/\/malina.bieszczady.pl\/wp-content\/uploads\/2023\/06\/23.-park-dworski-w-Sredniej-Wsi-300x300.jpg 300w,http:\/\/malina.bieszczady.pl\/wp-content\/uploads\/2023\/06\/23.-park-dworski-w-Sredniej-Wsi-1240x1240.jpg 1240w\" data-ratio=\"1\" data-original-w=\"1250\" sizes=\"(max-width:767px) 100vw,(min-width:768px) and (max-width:1025px) 50vw,380px\" \/>                <\/a>\n            <\/div>\n                <\/figure>\n    <figure class=\"gallery-item aux-hover-active aux-iso-item aux-col \">\n            <div class=\"aux-frame-mask-plain aux-frame-ratio \">\n                <a href=\"http:\/\/malina.bieszczady.pl\/wp-content\/uploads\/2023\/06\/24.-pomnik-gen.-w-Jablonkach.jpg\" class=\"aux-frame-ratio-inner aux-frame-darken aux-lightbox-btn \" data-elementor-open-lightbox=\"no\" data-original-width=\"873\" data-original-height=\"1250\" data-caption=\"24. pomnik gen. w Jablonkach\">\n                                <div class=\"aux-hover-scale-circle-plus2\">\n                        <span class=\"aux-symbol-plus\"><\/span>\n                        <span class=\"aux-symbol-circle\"><\/span>\n                    <\/div>\n                        <img loading=\"lazy\" decoding=\"async\" width=\"300\" height=\"300\" src=\"http:\/\/malina.bieszczady.pl\/wp-content\/uploads\/2023\/06\/24.-pomnik-gen.-w-Jablonkach-300x300.jpg\" class=\"aux-attachment aux-featured-image attachment-300x300 aux-attachment-id-184 \" alt=\"24. pomnik gen. w Jablonkach\" srcset=\"http:\/\/malina.bieszczady.pl\/wp-content\/uploads\/2023\/06\/24.-pomnik-gen.-w-Jablonkach-150x150.jpg 150w,http:\/\/malina.bieszczady.pl\/wp-content\/uploads\/2023\/06\/24.-pomnik-gen.-w-Jablonkach-300x300.jpg 300w,http:\/\/malina.bieszczady.pl\/wp-content\/uploads\/2023\/06\/24.-pomnik-gen.-w-Jablonkach-768x768.jpg 768w,http:\/\/malina.bieszczady.pl\/wp-content\/uploads\/2023\/06\/24.-pomnik-gen.-w-Jablonkach-300x300.jpg 300w,http:\/\/malina.bieszczady.pl\/wp-content\/uploads\/2023\/06\/24.-pomnik-gen.-w-Jablonkach-863x863.jpg 863w\" data-ratio=\"1\" data-original-w=\"873\" sizes=\"(max-width:767px) 100vw,(min-width:768px) and (max-width:1025px) 50vw,380px\" \/>                <\/a>\n            <\/div>\n                <\/figure>\n    <figure class=\"gallery-item aux-hover-active aux-iso-item aux-col \">\n            <div class=\"aux-frame-mask-plain aux-frame-ratio \">\n                <a href=\"http:\/\/malina.bieszczady.pl\/wp-content\/uploads\/2023\/06\/25.-tecza-nad-Bieszczadami.jpg\" class=\"aux-frame-ratio-inner aux-frame-darken aux-lightbox-btn \" data-elementor-open-lightbox=\"no\" data-original-width=\"1250\" data-original-height=\"837\" data-caption=\"25. tecza nad Bieszczadami\">\n                                <div class=\"aux-hover-scale-circle-plus2\">\n                        <span class=\"aux-symbol-plus\"><\/span>\n                        <span class=\"aux-symbol-circle\"><\/span>\n                    <\/div>\n                        <img loading=\"lazy\" decoding=\"async\" width=\"300\" height=\"300\" src=\"http:\/\/malina.bieszczady.pl\/wp-content\/uploads\/2023\/06\/25.-tecza-nad-Bieszczadami-300x300.jpg\" class=\"aux-attachment aux-featured-image attachment-300x300 aux-attachment-id-185 \" alt=\"25. tecza nad Bieszczadami\" srcset=\"http:\/\/malina.bieszczady.pl\/wp-content\/uploads\/2023\/06\/25.-tecza-nad-Bieszczadami-150x150.jpg 150w,http:\/\/malina.bieszczady.pl\/wp-content\/uploads\/2023\/06\/25.-tecza-nad-Bieszczadami-300x300.jpg 300w,http:\/\/malina.bieszczady.pl\/wp-content\/uploads\/2023\/06\/25.-tecza-nad-Bieszczadami-768x768.jpg 768w,http:\/\/malina.bieszczady.pl\/wp-content\/uploads\/2023\/06\/25.-tecza-nad-Bieszczadami-1024x837.jpg 1024w,http:\/\/malina.bieszczady.pl\/wp-content\/uploads\/2023\/06\/25.-tecza-nad-Bieszczadami-300x300.jpg 300w,http:\/\/malina.bieszczady.pl\/wp-content\/uploads\/2023\/06\/25.-tecza-nad-Bieszczadami-1240x1240.jpg 1240w\" data-ratio=\"1\" data-original-w=\"1250\" sizes=\"(max-width:767px) 100vw,(min-width:768px) and (max-width:1025px) 50vw,380px\" \/>                <\/a>\n            <\/div>\n                <\/figure>\n    <figure class=\"gallery-item aux-hover-active aux-iso-item aux-col \">\n            <div class=\"aux-frame-mask-plain aux-frame-ratio \">\n                <a href=\"http:\/\/malina.bieszczady.pl\/wp-content\/uploads\/2023\/06\/26.-Bieszczady_.jpg\" class=\"aux-frame-ratio-inner aux-frame-darken aux-lightbox-btn \" data-elementor-open-lightbox=\"no\" data-original-width=\"1250\" data-original-height=\"837\" data-caption=\"26. Bieszczady_\">\n                                <div class=\"aux-hover-scale-circle-plus2\">\n                        <span class=\"aux-symbol-plus\"><\/span>\n                        <span class=\"aux-symbol-circle\"><\/span>\n                    <\/div>\n                        <img loading=\"lazy\" decoding=\"async\" width=\"300\" height=\"300\" src=\"http:\/\/malina.bieszczady.pl\/wp-content\/uploads\/2023\/06\/26.-Bieszczady_-300x300.jpg\" class=\"aux-attachment aux-featured-image attachment-300x300 aux-attachment-id-186 \" alt=\"26. Bieszczady_\" srcset=\"http:\/\/malina.bieszczady.pl\/wp-content\/uploads\/2023\/06\/26.-Bieszczady_-150x150.jpg 150w,http:\/\/malina.bieszczady.pl\/wp-content\/uploads\/2023\/06\/26.-Bieszczady_-300x300.jpg 300w,http:\/\/malina.bieszczady.pl\/wp-content\/uploads\/2023\/06\/26.-Bieszczady_-768x768.jpg 768w,http:\/\/malina.bieszczady.pl\/wp-content\/uploads\/2023\/06\/26.-Bieszczady_-1024x837.jpg 1024w,http:\/\/malina.bieszczady.pl\/wp-content\/uploads\/2023\/06\/26.-Bieszczady_-300x300.jpg 300w,http:\/\/malina.bieszczady.pl\/wp-content\/uploads\/2023\/06\/26.-Bieszczady_-1240x1240.jpg 1240w\" data-ratio=\"1\" data-original-w=\"1250\" sizes=\"(max-width:767px) 100vw,(min-width:768px) and (max-width:1025px) 50vw,380px\" \/>                <\/a>\n            <\/div>\n                <\/figure>\n    <figure class=\"gallery-item aux-hover-active aux-iso-item aux-col \">\n            <div class=\"aux-frame-mask-plain aux-frame-ratio \">\n                <a href=\"http:\/\/malina.bieszczady.pl\/wp-content\/uploads\/2023\/06\/27.-Bieszczady_1.jpg\" class=\"aux-frame-ratio-inner aux-frame-darken aux-lightbox-btn \" data-elementor-open-lightbox=\"no\" data-original-width=\"1250\" data-original-height=\"837\" data-caption=\"27. Bieszczady_1\">\n                                <div class=\"aux-hover-scale-circle-plus2\">\n                        <span class=\"aux-symbol-plus\"><\/span>\n                        <span class=\"aux-symbol-circle\"><\/span>\n                    <\/div>\n                        <img loading=\"lazy\" decoding=\"async\" width=\"300\" height=\"300\" src=\"http:\/\/malina.bieszczady.pl\/wp-content\/uploads\/2023\/06\/27.-Bieszczady_1-300x300.jpg\" class=\"aux-attachment aux-featured-image attachment-300x300 aux-attachment-id-187 \" alt=\"27. Bieszczady_1\" srcset=\"http:\/\/malina.bieszczady.pl\/wp-content\/uploads\/2023\/06\/27.-Bieszczady_1-150x150.jpg 150w,http:\/\/malina.bieszczady.pl\/wp-content\/uploads\/2023\/06\/27.-Bieszczady_1-300x300.jpg 300w,http:\/\/malina.bieszczady.pl\/wp-content\/uploads\/2023\/06\/27.-Bieszczady_1-768x768.jpg 768w,http:\/\/malina.bieszczady.pl\/wp-content\/uploads\/2023\/06\/27.-Bieszczady_1-1024x837.jpg 1024w,http:\/\/malina.bieszczady.pl\/wp-content\/uploads\/2023\/06\/27.-Bieszczady_1-300x300.jpg 300w,http:\/\/malina.bieszczady.pl\/wp-content\/uploads\/2023\/06\/27.-Bieszczady_1-1240x1240.jpg 1240w\" data-ratio=\"1\" data-original-w=\"1250\" sizes=\"(max-width:767px) 100vw,(min-width:768px) and (max-width:1025px) 50vw,380px\" \/>                <\/a>\n            <\/div>\n                <\/figure>\n    <figure class=\"gallery-item aux-hover-active aux-iso-item aux-col \">\n            <div class=\"aux-frame-mask-plain aux-frame-ratio \">\n                <a href=\"http:\/\/malina.bieszczady.pl\/wp-content\/uploads\/2023\/06\/28.-Bieszczady_4.jpg\" class=\"aux-frame-ratio-inner aux-frame-darken aux-lightbox-btn \" data-elementor-open-lightbox=\"no\" data-original-width=\"1250\" data-original-height=\"837\" data-caption=\"28. Bieszczady_4\">\n                                <div class=\"aux-hover-scale-circle-plus2\">\n                        <span class=\"aux-symbol-plus\"><\/span>\n                        <span class=\"aux-symbol-circle\"><\/span>\n                    <\/div>\n                        <img loading=\"lazy\" decoding=\"async\" width=\"300\" height=\"300\" src=\"http:\/\/malina.bieszczady.pl\/wp-content\/uploads\/2023\/06\/28.-Bieszczady_4-300x300.jpg\" class=\"aux-attachment aux-featured-image attachment-300x300 aux-attachment-id-188 \" alt=\"28. Bieszczady_4\" srcset=\"http:\/\/malina.bieszczady.pl\/wp-content\/uploads\/2023\/06\/28.-Bieszczady_4-150x150.jpg 150w,http:\/\/malina.bieszczady.pl\/wp-content\/uploads\/2023\/06\/28.-Bieszczady_4-300x300.jpg 300w,http:\/\/malina.bieszczady.pl\/wp-content\/uploads\/2023\/06\/28.-Bieszczady_4-768x768.jpg 768w,http:\/\/malina.bieszczady.pl\/wp-content\/uploads\/2023\/06\/28.-Bieszczady_4-1024x837.jpg 1024w,http:\/\/malina.bieszczady.pl\/wp-content\/uploads\/2023\/06\/28.-Bieszczady_4-300x300.jpg 300w,http:\/\/malina.bieszczady.pl\/wp-content\/uploads\/2023\/06\/28.-Bieszczady_4-1240x1240.jpg 1240w\" data-ratio=\"1\" data-original-w=\"1250\" sizes=\"(max-width:767px) 100vw,(min-width:768px) and (max-width:1025px) 50vw,380px\" \/>                <\/a>\n            <\/div>\n                <\/figure>\n    <figure class=\"gallery-item aux-hover-active aux-iso-item aux-col \">\n            <div class=\"aux-frame-mask-plain aux-frame-ratio \">\n                <a href=\"http:\/\/malina.bieszczady.pl\/wp-content\/uploads\/2023\/06\/29.-Bieszczady_6.jpg\" class=\"aux-frame-ratio-inner aux-frame-darken aux-lightbox-btn \" data-elementor-open-lightbox=\"no\" data-original-width=\"1250\" data-original-height=\"838\" data-caption=\"29. Bieszczady_6\">\n                                <div class=\"aux-hover-scale-circle-plus2\">\n                        <span class=\"aux-symbol-plus\"><\/span>\n                        <span class=\"aux-symbol-circle\"><\/span>\n                    <\/div>\n                        <img loading=\"lazy\" decoding=\"async\" width=\"300\" height=\"300\" src=\"http:\/\/malina.bieszczady.pl\/wp-content\/uploads\/2023\/06\/29.-Bieszczady_6-300x300.jpg\" class=\"aux-attachment aux-featured-image attachment-300x300 aux-attachment-id-189 \" alt=\"29. Bieszczady_6\" srcset=\"http:\/\/malina.bieszczady.pl\/wp-content\/uploads\/2023\/06\/29.-Bieszczady_6-150x150.jpg 150w,http:\/\/malina.bieszczady.pl\/wp-content\/uploads\/2023\/06\/29.-Bieszczady_6-300x300.jpg 300w,http:\/\/malina.bieszczady.pl\/wp-content\/uploads\/2023\/06\/29.-Bieszczady_6-768x768.jpg 768w,http:\/\/malina.bieszczady.pl\/wp-content\/uploads\/2023\/06\/29.-Bieszczady_6-1024x838.jpg 1024w,http:\/\/malina.bieszczady.pl\/wp-content\/uploads\/2023\/06\/29.-Bieszczady_6-300x300.jpg 300w,http:\/\/malina.bieszczady.pl\/wp-content\/uploads\/2023\/06\/29.-Bieszczady_6-1240x1240.jpg 1240w\" data-ratio=\"1\" data-original-w=\"1250\" sizes=\"(max-width:767px) 100vw,(min-width:768px) and (max-width:1025px) 50vw,380px\" \/>                <\/a>\n            <\/div>\n                <\/figure>\n    <figure class=\"gallery-item aux-hover-active aux-iso-item aux-col \">\n            <div class=\"aux-frame-mask-plain aux-frame-ratio \">\n                <a href=\"http:\/\/malina.bieszczady.pl\/wp-content\/uploads\/2023\/06\/30.-Bieszczady2.jpg\" class=\"aux-frame-ratio-inner aux-frame-darken aux-lightbox-btn \" data-elementor-open-lightbox=\"no\" data-original-width=\"1250\" data-original-height=\"837\" data-caption=\"30. Bieszczady2\">\n                                <div class=\"aux-hover-scale-circle-plus2\">\n                        <span class=\"aux-symbol-plus\"><\/span>\n                        <span class=\"aux-symbol-circle\"><\/span>\n                    <\/div>\n                        <img loading=\"lazy\" decoding=\"async\" width=\"300\" height=\"300\" src=\"http:\/\/malina.bieszczady.pl\/wp-content\/uploads\/2023\/06\/30.-Bieszczady2-300x300.jpg\" class=\"aux-attachment aux-featured-image attachment-300x300 aux-attachment-id-190 \" alt=\"30. Bieszczady2\" srcset=\"http:\/\/malina.bieszczady.pl\/wp-content\/uploads\/2023\/06\/30.-Bieszczady2-150x150.jpg 150w,http:\/\/malina.bieszczady.pl\/wp-content\/uploads\/2023\/06\/30.-Bieszczady2-300x300.jpg 300w,http:\/\/malina.bieszczady.pl\/wp-content\/uploads\/2023\/06\/30.-Bieszczady2-768x768.jpg 768w,http:\/\/malina.bieszczady.pl\/wp-content\/uploads\/2023\/06\/30.-Bieszczady2-1024x837.jpg 1024w,http:\/\/malina.bieszczady.pl\/wp-content\/uploads\/2023\/06\/30.-Bieszczady2-300x300.jpg 300w,http:\/\/malina.bieszczady.pl\/wp-content\/uploads\/2023\/06\/30.-Bieszczady2-1240x1240.jpg 1240w\" data-ratio=\"1\" data-original-w=\"1250\" sizes=\"(max-width:767px) 100vw,(min-width:768px) and (max-width:1025px) 50vw,380px\" \/>                <\/a>\n            <\/div>\n                <\/figure>\n    <figure class=\"gallery-item aux-hover-active aux-iso-item aux-col \">\n            <div class=\"aux-frame-mask-plain aux-frame-ratio \">\n                <a href=\"http:\/\/malina.bieszczady.pl\/wp-content\/uploads\/2023\/06\/31.-Bieszczady3.jpg\" class=\"aux-frame-ratio-inner aux-frame-darken aux-lightbox-btn \" data-elementor-open-lightbox=\"no\" data-original-width=\"1250\" data-original-height=\"837\" data-caption=\"31. Bieszczady3\">\n                                <div class=\"aux-hover-scale-circle-plus2\">\n                        <span class=\"aux-symbol-plus\"><\/span>\n                        <span class=\"aux-symbol-circle\"><\/span>\n                    <\/div>\n                        <img loading=\"lazy\" decoding=\"async\" width=\"300\" height=\"300\" src=\"http:\/\/malina.bieszczady.pl\/wp-content\/uploads\/2023\/06\/31.-Bieszczady3-300x300.jpg\" class=\"aux-attachment aux-featured-image attachment-300x300 aux-attachment-id-191 \" alt=\"31. Bieszczady3\" srcset=\"http:\/\/malina.bieszczady.pl\/wp-content\/uploads\/2023\/06\/31.-Bieszczady3-150x150.jpg 150w,http:\/\/malina.bieszczady.pl\/wp-content\/uploads\/2023\/06\/31.-Bieszczady3-300x300.jpg 300w,http:\/\/malina.bieszczady.pl\/wp-content\/uploads\/2023\/06\/31.-Bieszczady3-768x768.jpg 768w,http:\/\/malina.bieszczady.pl\/wp-content\/uploads\/2023\/06\/31.-Bieszczady3-1024x837.jpg 1024w,http:\/\/malina.bieszczady.pl\/wp-content\/uploads\/2023\/06\/31.-Bieszczady3-300x300.jpg 300w,http:\/\/malina.bieszczady.pl\/wp-content\/uploads\/2023\/06\/31.-Bieszczady3-1240x1240.jpg 1240w\" data-ratio=\"1\" data-original-w=\"1250\" sizes=\"(max-width:767px) 100vw,(min-width:768px) and (max-width:1025px) 50vw,380px\" \/>                <\/a>\n            <\/div>\n                <\/figure>\n    <figure class=\"gallery-item aux-hover-active aux-iso-item aux-col \">\n            <div class=\"aux-frame-mask-plain aux-frame-ratio \">\n                <a href=\"http:\/\/malina.bieszczady.pl\/wp-content\/uploads\/2023\/06\/32.-Bieszczady5.jpg\" class=\"aux-frame-ratio-inner aux-frame-darken aux-lightbox-btn \" data-elementor-open-lightbox=\"no\" data-original-width=\"1250\" data-original-height=\"837\" data-caption=\"32. Bieszczady5\">\n                                <div class=\"aux-hover-scale-circle-plus2\">\n                        <span class=\"aux-symbol-plus\"><\/span>\n                        <span class=\"aux-symbol-circle\"><\/span>\n                    <\/div>\n                        <img loading=\"lazy\" decoding=\"async\" width=\"300\" height=\"300\" src=\"http:\/\/malina.bieszczady.pl\/wp-content\/uploads\/2023\/06\/32.-Bieszczady5-300x300.jpg\" class=\"aux-attachment aux-featured-image attachment-300x300 aux-attachment-id-192 \" alt=\"32. Bieszczady5\" srcset=\"http:\/\/malina.bieszczady.pl\/wp-content\/uploads\/2023\/06\/32.-Bieszczady5-150x150.jpg 150w,http:\/\/malina.bieszczady.pl\/wp-content\/uploads\/2023\/06\/32.-Bieszczady5-300x300.jpg 300w,http:\/\/malina.bieszczady.pl\/wp-content\/uploads\/2023\/06\/32.-Bieszczady5-768x768.jpg 768w,http:\/\/malina.bieszczady.pl\/wp-content\/uploads\/2023\/06\/32.-Bieszczady5-1024x837.jpg 1024w,http:\/\/malina.bieszczady.pl\/wp-content\/uploads\/2023\/06\/32.-Bieszczady5-300x300.jpg 300w,http:\/\/malina.bieszczady.pl\/wp-content\/uploads\/2023\/06\/32.-Bieszczady5-1240x1240.jpg 1240w\" data-ratio=\"1\" data-original-w=\"1250\" sizes=\"(max-width:767px) 100vw,(min-width:768px) and (max-width:1025px) 50vw,380px\" \/>                <\/a>\n            <\/div>\n                <\/figure>\n    <figure class=\"gallery-item aux-hover-active aux-iso-item aux-col \">\n            <div class=\"aux-frame-mask-plain aux-frame-ratio \">\n                <a href=\"http:\/\/malina.bieszczady.pl\/wp-content\/uploads\/2023\/06\/33.-Muczne.jpg\" class=\"aux-frame-ratio-inner aux-frame-darken aux-lightbox-btn \" data-elementor-open-lightbox=\"no\" data-original-width=\"1250\" data-original-height=\"837\" data-caption=\"33. Muczne\">\n                                <div class=\"aux-hover-scale-circle-plus2\">\n                        <span class=\"aux-symbol-plus\"><\/span>\n                        <span class=\"aux-symbol-circle\"><\/span>\n                    <\/div>\n                        <img loading=\"lazy\" decoding=\"async\" width=\"300\" height=\"300\" src=\"http:\/\/malina.bieszczady.pl\/wp-content\/uploads\/2023\/06\/33.-Muczne-300x300.jpg\" class=\"aux-attachment aux-featured-image attachment-300x300 aux-attachment-id-193 \" alt=\"33. Muczne\" srcset=\"http:\/\/malina.bieszczady.pl\/wp-content\/uploads\/2023\/06\/33.-Muczne-150x150.jpg 150w,http:\/\/malina.bieszczady.pl\/wp-content\/uploads\/2023\/06\/33.-Muczne-300x300.jpg 300w,http:\/\/malina.bieszczady.pl\/wp-content\/uploads\/2023\/06\/33.-Muczne-768x768.jpg 768w,http:\/\/malina.bieszczady.pl\/wp-content\/uploads\/2023\/06\/33.-Muczne-1024x837.jpg 1024w,http:\/\/malina.bieszczady.pl\/wp-content\/uploads\/2023\/06\/33.-Muczne-300x300.jpg 300w,http:\/\/malina.bieszczady.pl\/wp-content\/uploads\/2023\/06\/33.-Muczne-1240x1240.jpg 1240w\" data-ratio=\"1\" data-original-w=\"1250\" sizes=\"(max-width:767px) 100vw,(min-width:768px) and (max-width:1025px) 50vw,380px\" \/>                <\/a>\n            <\/div>\n                <\/figure>\n    <figure class=\"gallery-item aux-hover-active aux-iso-item aux-col \">\n            <div class=\"aux-frame-mask-plain aux-frame-ratio \">\n                <a href=\"http:\/\/malina.bieszczady.pl\/wp-content\/uploads\/2023\/06\/34.-Muczne_2.jpg\" class=\"aux-frame-ratio-inner aux-frame-darken aux-lightbox-btn \" data-elementor-open-lightbox=\"no\" data-original-width=\"1250\" data-original-height=\"837\" data-caption=\"34. Muczne_2\">\n                                <div class=\"aux-hover-scale-circle-plus2\">\n                        <span class=\"aux-symbol-plus\"><\/span>\n                        <span class=\"aux-symbol-circle\"><\/span>\n                    <\/div>\n                        <img loading=\"lazy\" decoding=\"async\" width=\"300\" height=\"300\" src=\"http:\/\/malina.bieszczady.pl\/wp-content\/uploads\/2023\/06\/34.-Muczne_2-300x300.jpg\" class=\"aux-attachment aux-featured-image attachment-300x300 aux-attachment-id-194 \" alt=\"34. Muczne_2\" srcset=\"http:\/\/malina.bieszczady.pl\/wp-content\/uploads\/2023\/06\/34.-Muczne_2-150x150.jpg 150w,http:\/\/malina.bieszczady.pl\/wp-content\/uploads\/2023\/06\/34.-Muczne_2-300x300.jpg 300w,http:\/\/malina.bieszczady.pl\/wp-content\/uploads\/2023\/06\/34.-Muczne_2-768x768.jpg 768w,http:\/\/malina.bieszczady.pl\/wp-content\/uploads\/2023\/06\/34.-Muczne_2-1024x837.jpg 1024w,http:\/\/malina.bieszczady.pl\/wp-content\/uploads\/2023\/06\/34.-Muczne_2-300x300.jpg 300w,http:\/\/malina.bieszczady.pl\/wp-content\/uploads\/2023\/06\/34.-Muczne_2-1240x1240.jpg 1240w\" data-ratio=\"1\" data-original-w=\"1250\" sizes=\"(max-width:767px) 100vw,(min-width:768px) and (max-width:1025px) 50vw,380px\" \/>                <\/a>\n            <\/div>\n                <\/figure>\n    <figure class=\"gallery-item aux-hover-active aux-iso-item aux-col \">\n            <div class=\"aux-frame-mask-plain aux-frame-ratio \">\n                <a href=\"http:\/\/malina.bieszczady.pl\/wp-content\/uploads\/2023\/06\/35.-Muczne_1.jpg\" class=\"aux-frame-ratio-inner aux-frame-darken aux-lightbox-btn \" data-elementor-open-lightbox=\"no\" data-original-width=\"1250\" data-original-height=\"837\" data-caption=\"35. Muczne_1\">\n                                <div class=\"aux-hover-scale-circle-plus2\">\n                        <span class=\"aux-symbol-plus\"><\/span>\n                        <span class=\"aux-symbol-circle\"><\/span>\n                    <\/div>\n                        <img loading=\"lazy\" decoding=\"async\" width=\"300\" height=\"300\" src=\"http:\/\/malina.bieszczady.pl\/wp-content\/uploads\/2023\/06\/35.-Muczne_1-300x300.jpg\" class=\"aux-attachment aux-featured-image attachment-300x300 aux-attachment-id-195 \" alt=\"35. Muczne_1\" srcset=\"http:\/\/malina.bieszczady.pl\/wp-content\/uploads\/2023\/06\/35.-Muczne_1-150x150.jpg 150w,http:\/\/malina.bieszczady.pl\/wp-content\/uploads\/2023\/06\/35.-Muczne_1-300x300.jpg 300w,http:\/\/malina.bieszczady.pl\/wp-content\/uploads\/2023\/06\/35.-Muczne_1-768x768.jpg 768w,http:\/\/malina.bieszczady.pl\/wp-content\/uploads\/2023\/06\/35.-Muczne_1-1024x837.jpg 1024w,http:\/\/malina.bieszczady.pl\/wp-content\/uploads\/2023\/06\/35.-Muczne_1-300x300.jpg 300w,http:\/\/malina.bieszczady.pl\/wp-content\/uploads\/2023\/06\/35.-Muczne_1-1240x1240.jpg 1240w\" data-ratio=\"1\" data-original-w=\"1250\" sizes=\"(max-width:767px) 100vw,(min-width:768px) and (max-width:1025px) 50vw,380px\" \/>                <\/a>\n            <\/div>\n                <\/figure>\n    <figure class=\"gallery-item aux-hover-active aux-iso-item aux-col \">\n            <div class=\"aux-frame-mask-plain aux-frame-ratio \">\n                <a href=\"http:\/\/malina.bieszczady.pl\/wp-content\/uploads\/2023\/06\/36.-Muczne_3.jpg\" class=\"aux-frame-ratio-inner aux-frame-darken aux-lightbox-btn \" data-elementor-open-lightbox=\"no\" data-original-width=\"1250\" data-original-height=\"837\" data-caption=\"36. Muczne_3\">\n                                <div class=\"aux-hover-scale-circle-plus2\">\n                        <span class=\"aux-symbol-plus\"><\/span>\n                        <span class=\"aux-symbol-circle\"><\/span>\n                    <\/div>\n                        <img loading=\"lazy\" decoding=\"async\" width=\"300\" height=\"300\" src=\"http:\/\/malina.bieszczady.pl\/wp-content\/uploads\/2023\/06\/36.-Muczne_3-300x300.jpg\" class=\"aux-attachment aux-featured-image attachment-300x300 aux-attachment-id-196 \" alt=\"36. Muczne_3\" srcset=\"http:\/\/malina.bieszczady.pl\/wp-content\/uploads\/2023\/06\/36.-Muczne_3-150x150.jpg 150w,http:\/\/malina.bieszczady.pl\/wp-content\/uploads\/2023\/06\/36.-Muczne_3-300x300.jpg 300w,http:\/\/malina.bieszczady.pl\/wp-content\/uploads\/2023\/06\/36.-Muczne_3-768x768.jpg 768w,http:\/\/malina.bieszczady.pl\/wp-content\/uploads\/2023\/06\/36.-Muczne_3-1024x837.jpg 1024w,http:\/\/malina.bieszczady.pl\/wp-content\/uploads\/2023\/06\/36.-Muczne_3-300x300.jpg 300w,http:\/\/malina.bieszczady.pl\/wp-content\/uploads\/2023\/06\/36.-Muczne_3-1240x1240.jpg 1240w\" data-ratio=\"1\" data-original-w=\"1250\" sizes=\"(max-width:767px) 100vw,(min-width:768px) and (max-width:1025px) 50vw,380px\" \/>                <\/a>\n            <\/div>\n                <\/figure>\n    <figure class=\"gallery-item aux-hover-active aux-iso-item aux-col \">\n            <div class=\"aux-frame-mask-plain aux-frame-ratio \">\n                <a href=\"http:\/\/malina.bieszczady.pl\/wp-content\/uploads\/2023\/06\/37.-Mural.jpg\" class=\"aux-frame-ratio-inner aux-frame-darken aux-lightbox-btn \" data-elementor-open-lightbox=\"no\" data-original-width=\"1250\" data-original-height=\"837\" data-caption=\"37. Mural\">\n                                <div class=\"aux-hover-scale-circle-plus2\">\n                        <span class=\"aux-symbol-plus\"><\/span>\n                        <span class=\"aux-symbol-circle\"><\/span>\n                    <\/div>\n                        <img loading=\"lazy\" decoding=\"async\" width=\"300\" height=\"300\" src=\"http:\/\/malina.bieszczady.pl\/wp-content\/uploads\/2023\/06\/37.-Mural-300x300.jpg\" class=\"aux-attachment aux-featured-image attachment-300x300 aux-attachment-id-197 \" alt=\"37. Mural\" srcset=\"http:\/\/malina.bieszczady.pl\/wp-content\/uploads\/2023\/06\/37.-Mural-150x150.jpg 150w,http:\/\/malina.bieszczady.pl\/wp-content\/uploads\/2023\/06\/37.-Mural-300x300.jpg 300w,http:\/\/malina.bieszczady.pl\/wp-content\/uploads\/2023\/06\/37.-Mural-768x768.jpg 768w,http:\/\/malina.bieszczady.pl\/wp-content\/uploads\/2023\/06\/37.-Mural-1024x837.jpg 1024w,http:\/\/malina.bieszczady.pl\/wp-content\/uploads\/2023\/06\/37.-Mural-300x300.jpg 300w,http:\/\/malina.bieszczady.pl\/wp-content\/uploads\/2023\/06\/37.-Mural-1240x1240.jpg 1240w\" data-ratio=\"1\" data-original-w=\"1250\" sizes=\"(max-width:767px) 100vw,(min-width:768px) and (max-width:1025px) 50vw,380px\" \/>                <\/a>\n            <\/div>\n                <\/figure>\n    <figure class=\"gallery-item aux-hover-active aux-iso-item aux-col \">\n            <div class=\"aux-frame-mask-plain aux-frame-ratio \">\n                <a href=\"http:\/\/malina.bieszczady.pl\/wp-content\/uploads\/2023\/06\/38.-Poranek.jpg\" class=\"aux-frame-ratio-inner aux-frame-darken aux-lightbox-btn \" data-elementor-open-lightbox=\"no\" data-original-width=\"1250\" data-original-height=\"836\" data-caption=\"38. Poranek\">\n                                <div class=\"aux-hover-scale-circle-plus2\">\n                        <span class=\"aux-symbol-plus\"><\/span>\n                        <span class=\"aux-symbol-circle\"><\/span>\n                    <\/div>\n                        <img loading=\"lazy\" decoding=\"async\" width=\"300\" height=\"300\" src=\"http:\/\/malina.bieszczady.pl\/wp-content\/uploads\/2023\/06\/38.-Poranek-300x300.jpg\" class=\"aux-attachment aux-featured-image attachment-300x300 aux-attachment-id-198 \" alt=\"38. Poranek\" srcset=\"http:\/\/malina.bieszczady.pl\/wp-content\/uploads\/2023\/06\/38.-Poranek-150x150.jpg 150w,http:\/\/malina.bieszczady.pl\/wp-content\/uploads\/2023\/06\/38.-Poranek-300x300.jpg 300w,http:\/\/malina.bieszczady.pl\/wp-content\/uploads\/2023\/06\/38.-Poranek-768x768.jpg 768w,http:\/\/malina.bieszczady.pl\/wp-content\/uploads\/2023\/06\/38.-Poranek-1024x836.jpg 1024w,http:\/\/malina.bieszczady.pl\/wp-content\/uploads\/2023\/06\/38.-Poranek-300x300.jpg 300w,http:\/\/malina.bieszczady.pl\/wp-content\/uploads\/2023\/06\/38.-Poranek-1240x1240.jpg 1240w\" data-ratio=\"1\" data-original-w=\"1250\" sizes=\"(max-width:767px) 100vw,(min-width:768px) and (max-width:1025px) 50vw,380px\" \/>                <\/a>\n            <\/div>\n                <\/figure>\n    <figure class=\"gallery-item aux-hover-active aux-iso-item aux-col \">\n            <div class=\"aux-frame-mask-plain aux-frame-ratio \">\n                <a href=\"http:\/\/malina.bieszczady.pl\/wp-content\/uploads\/2023\/06\/40.-Solina.jpg\" class=\"aux-frame-ratio-inner aux-frame-darken aux-lightbox-btn \" data-elementor-open-lightbox=\"no\" data-original-width=\"1250\" data-original-height=\"837\" data-caption=\"40. Solina\">\n                                <div class=\"aux-hover-scale-circle-plus2\">\n                        <span class=\"aux-symbol-plus\"><\/span>\n                        <span class=\"aux-symbol-circle\"><\/span>\n                    <\/div>\n                        <img loading=\"lazy\" decoding=\"async\" width=\"300\" height=\"300\" src=\"http:\/\/malina.bieszczady.pl\/wp-content\/uploads\/2023\/06\/40.-Solina-300x300.jpg\" class=\"aux-attachment aux-featured-image attachment-300x300 aux-attachment-id-200 \" alt=\"40. Solina\" srcset=\"http:\/\/malina.bieszczady.pl\/wp-content\/uploads\/2023\/06\/40.-Solina-150x150.jpg 150w,http:\/\/malina.bieszczady.pl\/wp-content\/uploads\/2023\/06\/40.-Solina-300x300.jpg 300w,http:\/\/malina.bieszczady.pl\/wp-content\/uploads\/2023\/06\/40.-Solina-768x768.jpg 768w,http:\/\/malina.bieszczady.pl\/wp-content\/uploads\/2023\/06\/40.-Solina-1024x837.jpg 1024w,http:\/\/malina.bieszczady.pl\/wp-content\/uploads\/2023\/06\/40.-Solina-300x300.jpg 300w,http:\/\/malina.bieszczady.pl\/wp-content\/uploads\/2023\/06\/40.-Solina-1240x1240.jpg 1240w\" data-ratio=\"1\" data-original-w=\"1250\" sizes=\"(max-width:767px) 100vw,(min-width:768px) and (max-width:1025px) 50vw,380px\" \/>                <\/a>\n            <\/div>\n                <\/figure>\n    <figure class=\"gallery-item aux-hover-active aux-iso-item aux-col \">\n            <div class=\"aux-frame-mask-plain aux-frame-ratio \">\n                <a href=\"http:\/\/malina.bieszczady.pl\/wp-content\/uploads\/2023\/06\/41.-Solina_11.jpg\" class=\"aux-frame-ratio-inner aux-frame-darken aux-lightbox-btn \" data-elementor-open-lightbox=\"no\" data-original-width=\"1250\" data-original-height=\"837\" data-caption=\"41. Solina_11\">\n                                <div class=\"aux-hover-scale-circle-plus2\">\n                        <span class=\"aux-symbol-plus\"><\/span>\n                        <span class=\"aux-symbol-circle\"><\/span>\n                    <\/div>\n                        <img loading=\"lazy\" decoding=\"async\" width=\"300\" height=\"300\" src=\"http:\/\/malina.bieszczady.pl\/wp-content\/uploads\/2023\/06\/41.-Solina_11-300x300.jpg\" class=\"aux-attachment aux-featured-image attachment-300x300 aux-attachment-id-201 \" alt=\"41. Solina_11\" srcset=\"http:\/\/malina.bieszczady.pl\/wp-content\/uploads\/2023\/06\/41.-Solina_11-150x150.jpg 150w,http:\/\/malina.bieszczady.pl\/wp-content\/uploads\/2023\/06\/41.-Solina_11-300x300.jpg 300w,http:\/\/malina.bieszczady.pl\/wp-content\/uploads\/2023\/06\/41.-Solina_11-768x768.jpg 768w,http:\/\/malina.bieszczady.pl\/wp-content\/uploads\/2023\/06\/41.-Solina_11-1024x837.jpg 1024w,http:\/\/malina.bieszczady.pl\/wp-content\/uploads\/2023\/06\/41.-Solina_11-300x300.jpg 300w,http:\/\/malina.bieszczady.pl\/wp-content\/uploads\/2023\/06\/41.-Solina_11-1240x1240.jpg 1240w\" data-ratio=\"1\" data-original-w=\"1250\" sizes=\"(max-width:767px) 100vw,(min-width:768px) and (max-width:1025px) 50vw,380px\" \/>                <\/a>\n            <\/div>\n                <\/figure>\n    <figure class=\"gallery-item aux-hover-active aux-iso-item aux-col \">\n            <div class=\"aux-frame-mask-plain aux-frame-ratio \">\n                <a href=\"http:\/\/malina.bieszczady.pl\/wp-content\/uploads\/2023\/06\/42.-SOLINA_I.jpg\" class=\"aux-frame-ratio-inner aux-frame-darken aux-lightbox-btn \" data-elementor-open-lightbox=\"no\" data-original-width=\"1250\" data-original-height=\"836\" data-caption=\"42. SOLINA_I\">\n                                <div class=\"aux-hover-scale-circle-plus2\">\n                        <span class=\"aux-symbol-plus\"><\/span>\n                        <span class=\"aux-symbol-circle\"><\/span>\n                    <\/div>\n                        <img loading=\"lazy\" decoding=\"async\" width=\"300\" height=\"300\" src=\"http:\/\/malina.bieszczady.pl\/wp-content\/uploads\/2023\/06\/42.-SOLINA_I-300x300.jpg\" class=\"aux-attachment aux-featured-image attachment-300x300 aux-attachment-id-202 \" alt=\"42. SOLINA_I\" srcset=\"http:\/\/malina.bieszczady.pl\/wp-content\/uploads\/2023\/06\/42.-SOLINA_I-150x150.jpg 150w,http:\/\/malina.bieszczady.pl\/wp-content\/uploads\/2023\/06\/42.-SOLINA_I-300x300.jpg 300w,http:\/\/malina.bieszczady.pl\/wp-content\/uploads\/2023\/06\/42.-SOLINA_I-768x768.jpg 768w,http:\/\/malina.bieszczady.pl\/wp-content\/uploads\/2023\/06\/42.-SOLINA_I-1024x836.jpg 1024w,http:\/\/malina.bieszczady.pl\/wp-content\/uploads\/2023\/06\/42.-SOLINA_I-300x300.jpg 300w,http:\/\/malina.bieszczady.pl\/wp-content\/uploads\/2023\/06\/42.-SOLINA_I-1240x1240.jpg 1240w\" data-ratio=\"1\" data-original-w=\"1250\" sizes=\"(max-width:767px) 100vw,(min-width:768px) and (max-width:1025px) 50vw,380px\" \/>                <\/a>\n            <\/div>\n                <\/figure>\n<\/div><\/div><\/section><!-- widget-container --><style>.aux-parent-aud13c2856 .aux-frame-ratio { padding-bottom:75% }<\/style>\t\t\t\t<\/div>\n\t\t\t\t<\/div>\n\t\t\t\t\t<\/div>\n\t\t<\/div>\n\t\t\t\t\t<\/div>\n\t\t<\/section>\n\t\t\t\t<\/div>\n\t\t","protected":false},"excerpt":{"rendered":"<p>W okolicy s\u0105 mi\u0119dzy innymi: 1600 m \u2013 jezioro soli\u0144skie i przystanie wodne ( G\u00f3ra Jawor ) Zapora wodna w Solinie 2,5 km \u2013 jezioro myczkowieckie z przystani\u0105 wodn\u0105 i kamienio\u0142omem (B\u00f3brka ) 5,0 km \u2013 zapora wodna w Myczkowcach 10,0 km \u2013 Pola\u0144czyk Zdr\u00f3j 14,0 km \u2013 basen kryty i muzeum przyrodnicze w Ustrzykach [&hellip;]<\/p>\n","protected":false},"author":1,"featured_media":0,"parent":0,"menu_order":0,"comment_status":"closed","ping_status":"closed","template":"","meta":{"footnotes":""},"class_list":["post-10","page","type-page","status-publish","hentry"],"_links":{"self":[{"href":"http:\/\/malina.bieszczady.pl\/index.php\/wp-json\/wp\/v2\/pages\/10","targetHints":{"allow":["GET"]}}],"collection":[{"href":"http:\/\/malina.bieszczady.pl\/index.php\/wp-json\/wp\/v2\/pages"}],"about":[{"href":"http:\/\/malina.bieszczady.pl\/index.php\/wp-json\/wp\/v2\/types\/page"}],"author":[{"embeddable":true,"href":"http:\/\/malina.bieszczady.pl\/index.php\/wp-json\/wp\/v2\/users\/1"}],"replies":[{"embeddable":true,"href":"http:\/\/malina.bieszczady.pl\/index.php\/wp-json\/wp\/v2\/comments?post=10"}],"version-history":[{"count":5,"href":"http:\/\/malina.bieszczady.pl\/index.php\/wp-json\/wp\/v2\/pages\/10\/revisions"}],"predecessor-version":[{"id":206,"href":"http:\/\/malina.bieszczady.pl\/index.php\/wp-json\/wp\/v2\/pages\/10\/revisions\/206"}],"wp:attachment":[{"href":"http:\/\/malina.bieszczady.pl\/index.php\/wp-json\/wp\/v2\/media?parent=10"}],"curies":[{"name":"wp","href":"https:\/\/api.w.org\/{rel}","templated":true}]}}